{"id":6,"date":"2024-04-02T18:00:19","date_gmt":"2024-04-02T21:00:19","guid":{"rendered":"http:\/\/200.201.11.162\/website\/?page_id=6"},"modified":"2025-12-06T11:10:54","modified_gmt":"2025-12-06T14:10:54","slug":"mesmerize","status":"publish","type":"page","link":"https:\/\/cct.uenp.edu.br\/","title":{"rendered":"Home"},"content":{"rendered":"<div id=\"overlappable-1\" class=\"overlappable-4 content-section content-section-spacing\" style=\"background-color: #ffffff;\" data-label=\"Overlappable\" data-id=\"overlappable--1\" data-export-id=\"overlappable-4\" data-category=\"overlappable\" data-overlap=\"true\">\n<div class=\"gridContainer\">\n<div class=\"row spaced-cols text-center\" data-type=\"row\">\n<div class=\"col-xs-12 col-sm-4 col-padding col-md-3 \">\n<div class=\"\" data-type=\"column\">\n\n<a class=\"button blue\" href=\"#\" target=\"_blank\" rel=\"noopener\" data-cp-link=\"1\">XV \u2013 Semana de Inform\u00e1tica e Tecnologia<\/a><a class=\"\" href=\"https:\/\/site.cct.uenp.edu.br\" target=\"_self\" rel=\"noopener\" data-cp-link=\"1\"><img loading=\"lazy\" decoding=\"async\" class=\"alignnone wp-image-492\" src=\"https:\/\/cct.uenp.edu.br\/wp-content\/uploads\/2024\/08\/cropped-robo_site_2024_v3.jpg\" sizes=\"auto, (max-width: 201px) 100vw, 201px\" alt=\"\" width=\"284\" height=\"359\" \/><\/a>\n\n&nbsp;\n\n<\/div>\n<\/div>\n<div class=\"col-xs-12 col-sm-4 col-padding col-md-3 \"><i class=\"fa icon shadow-large-black aligncenter color1 fa-university reverse round large\"><\/i>\n<div class=\"\" data-type=\"column\">\n<h5 class=\"\"><span style=\"color: #000000;\">CURSOS<\/span><\/h5>\n<p class=\"\"><span style=\"color: #000000;\">Fique por dentro das normas, objetivos, corpo docente e quadro de hor\u00e1rios dos cursos do CCT.<\/span><\/p>\n\n<\/div>\n<\/div>\n<div class=\"col-xs-12 col-sm-4 col-padding col-md-3 \"><i class=\"fa icon shadow-large-black aligncenter color1 fa-desktop reverse round large\"><\/i>\n<div class=\"\" data-type=\"column\">\n<h5 class=\"\"><a href=\"https:\/\/cct.uenp.edu.br?page_id=118\"><span style=\"color: #000000;\">LABORAT\u00d3RIOS<\/span><\/a><\/h5>\n<p class=\"\"><span style=\"color: #000000;\">Infraestrutura f\u00edsica e recursos computacionais dispon\u00edveis para o uso em as aulas pr\u00e1ticas e projetos de ensino, pesquisa e extens\u00e3o<\/span><\/p>\n&nbsp;\n\n<\/div>\n<\/div>\n<div class=\"col-xs-12 col-sm-4 col-padding col-md-3\"><i class=\"fa icon shadow-large-black aligncenter color1 fa-space-shuttle reverse round large\"><\/i>\n<div class=\"\" data-type=\"column\">\n<h5 class=\"\"><span style=\"color: #000000;\">PROJETOS<\/span><\/h5>\n<p class=\"\" style=\"text-align: center;\"><span style=\"color: #000000;\">Conhe\u00e7a os projetos de Ensino, Pesquisa e Extens\u00e3o que est\u00e3o em atividade no CCT e os docentes coordenadores. Ser\u00e1 que voc\u00ea se encaixa algum?<\/span><\/p>\n\n<\/div>\n<\/div>\n<\/div>\n<\/div>\n<\/div>\n<div id=\"about-1\" class=\"about-10 content-section content-section-spacing\" style=\"background-color: #f5fafd;\" data-label=\"About\" data-id=\"about--1\" data-export-id=\"about-10\" data-category=\"about\">\n<div class=\"gridContainer\">\n<div class=\"row middle-sm text-center\">\n<div class=\"col-sm-5 space-bottom-xs content-column\" data-type=\"column\">\n<h5 class=\"\"><span style=\"color: #000000;\">EVENTO<\/span><\/h5>\n<h2 class=\"\"><span style=\"color: #000000;\">XV SiTe<\/span><\/h2>\n<h2 class=\"\"><span style=\"font-family: 'Playfair Display', sans-serif; font-weight: bold; font-style: italic; color: #000000;\">Semana de Inform\u00e1tica e Tecnologia <\/span><\/h2>\n<h4 class=\"\"><span style=\"font-family: 'Playfair Display', sans-serif; font-weight: bold; color: #000000;\">(de 23 a 27 de setembro de\u00a0 2024)<\/span><\/h4>\n<p class=\"\"><span style=\"color: #000000;\">Este evento est\u00e1 na sua 15\u00aa edi\u00e7\u00e3o e \u00e9 destinado \u00e0 comunidade universit\u00e1ria, profissionais das \u00e1reas de tecnologia da informa\u00e7\u00e3o (TI), educa\u00e7\u00e3o e ci\u00eancias sociais. O evento tem por intuito, proporcionar aos participantes a integra\u00e7\u00e3o com o mundo acad\u00eamico e com profissionais da \u00e1rea de TI, sendo realizado no decorrer de 5 dias. Em espec\u00edfico para esta edi\u00e7\u00e3o ser\u00e3o convidados profissionais de v\u00e1rias \u00e1reas da tecnologia para ministrarem as palestras e workshops. Durante o evento ser\u00e3o ministrados workshops e palestras sobre temas que est\u00e3o em alta no mercado de trabalho e no mundo acad\u00eamico. Durante o evento, ser\u00e3o apresentados os projetos de pesquisa e extens\u00e3o atualmente em andamento com o objetivo de divulgar as atividades do CCT \u2013 Centro de Ci\u00eancias Tecnol\u00f3gicas para os alunos e a comunidade externa. Ser\u00e3o convidados alunos egressos que, apresentando seus casos de sucesso e suas experi\u00eancias profissionais, contribuir\u00e3o para o fortalecimento do networking entre acad\u00eamicos e os profissionais de TI.<\/span><\/p>\n<p class=\"\" style=\"text-align: center;\"><strong>(Abertura das inscri\u00e7\u00f5es em breve)<\/strong><\/p>\n\n<\/div>\n<div class=\"col-sm-7 flexbox middle-xs center-xs space-bottom-xs\">\n<div class=\"overlay-box middle-xs center-xs flexbox\">\n\n<span style=\"color: #000000;\"><a style=\"color: #000000;\" href=\"#\" target=\"_self\" rel=\"noopener\" data-cp-link=\"1\"><img loading=\"lazy\" decoding=\"async\" class=\"shadow-large\" src=\"https:\/\/cct.uenp.edu.br\/wp-content\/uploads\/2024\/07\/cropped-cropped-cartaz_site_2024.jpg\" width=\"477\" height=\"684\" data-size=\"485x705\" \/><\/a><\/span>\n\n<\/div>\n<\/div>\n<\/div>\n<\/div>\n<\/div>\n<div class=\"wp-block-group\"><\/div>","protected":false},"excerpt":{"rendered":"<p>XV \u2013 Semana de Inform\u00e1tica e Tecnologia &nbsp; CURSOS Fique por dentro das normas, objetivos, corpo docente e quadro de hor\u00e1rios dos cursos do CCT. LABORAT\u00d3RIOS Infraestrutura f\u00edsica e recursos computacionais dispon\u00edveis para o uso em as aulas pr\u00e1ticas e projetos de ensino, pesquisa e extens\u00e3o &nbsp; PROJETOS Conhe\u00e7a os projetos de Ensino, Pesquisa e&hellip; <br \/> <a class=\"read-more\" href=\"https:\/\/cct.uenp.edu.br\/\">Leia mais<\/a><\/p>\n","protected":false},"author":2,"featured_media":0,"parent":0,"menu_order":0,"comment_status":"closed","ping_status":"closed","template":"page-templates\/homepage.php","meta":{"footnotes":""},"class_list":["post-6","page","type-page","status-publish","hentry"],"_links":{"self":[{"href":"https:\/\/cct.uenp.edu.br\/index.php?rest_route=\/wp\/v2\/pages\/6","targetHints":{"allow":["GET"]}}],"collection":[{"href":"https:\/\/cct.uenp.edu.br\/index.php?rest_route=\/wp\/v2\/pages"}],"about":[{"href":"https:\/\/cct.uenp.edu.br\/index.php?rest_route=\/wp\/v2\/types\/page"}],"author":[{"embeddable":true,"href":"https:\/\/cct.uenp.edu.br\/index.php?rest_route=\/wp\/v2\/users\/2"}],"replies":[{"embeddable":true,"href":"https:\/\/cct.uenp.edu.br\/index.php?rest_route=%2Fwp%2Fv2%2Fcomments&post=6"}],"version-history":[{"count":105,"href":"https:\/\/cct.uenp.edu.br\/index.php?rest_route=\/wp\/v2\/pages\/6\/revisions"}],"predecessor-version":[{"id":560,"href":"https:\/\/cct.uenp.edu.br\/index.php?rest_route=\/wp\/v2\/pages\/6\/revisions\/560"}],"wp:attachment":[{"href":"https:\/\/cct.uenp.edu.br\/index.php?rest_route=%2Fwp%2Fv2%2Fmedia&parent=6"}],"curies":[{"name":"wp","href":"https:\/\/api.w.org\/{rel}","templated":true}]}}